{"id":25,"date":"2026-03-23T15:32:12","date_gmt":"2026-03-23T18:32:12","guid":{"rendered":"https:\/\/iorm.org.br\/ciadadanca_teste\/?page_id=25"},"modified":"2026-04-01T09:08:50","modified_gmt":"2026-04-01T12:08:50","slug":"publicacoes","status":"publish","type":"page","link":"https:\/\/iorm.org.br\/ciadadanca\/publicacoes\/","title":{"rendered":"Publica\u00e7\u00f5es"},"content":{"rendered":"[vc_row type=&#8221;in_container&#8221; full_screen_row_position=&#8221;middle&#8221; column_margin=&#8221;default&#8221; column_direction=&#8221;default&#8221; column_direction_tablet=&#8221;default&#8221; column_direction_phone=&#8221;default&#8221; scene_position=&#8221;center&#8221; top_padding=&#8221;2%&#8221; constrain_group_1=&#8221;yes&#8221; bottom_padding=&#8221;2%&#8221; text_color=&#8221;dark&#8221; text_align=&#8221;left&#8221; row_border_radius=&#8221;none&#8221; row_border_radius_applies=&#8221;bg&#8221; overflow=&#8221;visible&#8221; overlay_strength=&#8221;0.3&#8243; gradient_direction=&#8221;left_to_right&#8221; shape_divider_position=&#8221;bottom&#8221; bg_image_animation=&#8221;none&#8221; shape_type=&#8221;&#8221; gradient_type=&#8221;default&#8221;][vc_column column_padding=&#8221;no-extra-padding&#8221; column_padding_tablet=&#8221;inherit&#8221; column_padding_phone=&#8221;inherit&#8221; column_padding_position=&#8221;all&#8221; column_element_direction_desktop=&#8221;default&#8221; column_element_spacing=&#8221;default&#8221; desktop_text_alignment=&#8221;default&#8221; tablet_text_alignment=&#8221;default&#8221; phone_text_alignment=&#8221;default&#8221; background_color_opacity=&#8221;1&#8243; background_hover_color_opacity=&#8221;1&#8243; column_backdrop_filter=&#8221;none&#8221; column_shadow=&#8221;none&#8221; column_border_radius=&#8221;none&#8221; column_link_target=&#8221;_self&#8221; column_position=&#8221;default&#8221; gradient_direction=&#8221;left_to_right&#8221; overlay_strength=&#8221;0.3&#8243; width=&#8221;1\/1&#8243; tablet_width_inherit=&#8221;default&#8221; animation_type=&#8221;default&#8221; bg_image_animation=&#8221;none&#8221; border_type=&#8221;simple&#8221; column_border_width=&#8221;none&#8221; column_border_style=&#8221;solid&#8221;][vc_column_text]\n<h2><span style=\"color: #9b357a;\">Publica\u00e7\u00f5es<\/span><\/h2>\n<p>Cia. Usina da Dan\u00e7a[\/vc_column_text][\/vc_column][\/vc_row][vc_row type=&#8221;in_container&#8221; full_screen_row_position=&#8221;middle&#8221; column_margin=&#8221;default&#8221; column_direction=&#8221;default&#8221; column_direction_tablet=&#8221;default&#8221; column_direction_phone=&#8221;default&#8221; scene_position=&#8221;center&#8221; bottom_padding=&#8221;3%&#8221; text_color=&#8221;dark&#8221; text_align=&#8221;left&#8221; row_border_radius=&#8221;none&#8221; row_border_radius_applies=&#8221;bg&#8221; overflow=&#8221;visible&#8221; overlay_strength=&#8221;0.3&#8243; gradient_direction=&#8221;left_to_right&#8221; shape_divider_position=&#8221;bottom&#8221; bg_image_animation=&#8221;none&#8221; gradient_type=&#8221;default&#8221; shape_type=&#8221;&#8221;][vc_column column_padding=&#8221;no-extra-padding&#8221; column_padding_tablet=&#8221;inherit&#8221; column_padding_phone=&#8221;inherit&#8221; column_padding_position=&#8221;all&#8221; column_element_direction_desktop=&#8221;default&#8221; column_element_spacing=&#8221;default&#8221; desktop_text_alignment=&#8221;default&#8221; tablet_text_alignment=&#8221;default&#8221; phone_text_alignment=&#8221;default&#8221; background_color_opacity=&#8221;1&#8243; background_hover_color_opacity=&#8221;1&#8243; column_backdrop_filter=&#8221;none&#8221; column_shadow=&#8221;none&#8221; column_border_radius=&#8221;none&#8221; column_link_target=&#8221;_self&#8221; column_position=&#8221;default&#8221; gradient_direction=&#8221;left_to_right&#8221; overlay_strength=&#8221;0.3&#8243; width=&#8221;1\/1&#8243; tablet_width_inherit=&#8221;default&#8221; animation_type=&#8221;default&#8221; bg_image_animation=&#8221;none&#8221; border_type=&#8221;simple&#8221; column_border_width=&#8221;none&#8221; column_border_style=&#8221;solid&#8221;][carousel script=&#8221;flickity&#8221; flickity_formatting=&#8221;default&#8221; desktop_cols_flickity=&#8221;3&#8243; desktop_small_cols_flickity=&#8221;3&#8243; tablet_cols_flickity=&#8221;1&#8243; phone_cols_flickity=&#8221;1&#8243; flickity_controls=&#8221;next_prev_arrows_overlaid&#8221; color=&#8221;default&#8221; flickity_overflow=&#8221;hidden&#8221; flickity_wrap_around=&#8221;wrap&#8221; flickity_spacing=&#8221;20px&#8221; flickity_column_vertical_alignment=&#8221;default&#8221; column_padding=&#8221;0&#8243; flickity_element_spacing=&#8221;default&#8221; border_radius=&#8221;none&#8221;][item simple_slider_bg_image_position=&#8221;default&#8221; simple_slider_overlay_strength=&#8221;0.3&#8243; simple_slider_bg_image_loading=&#8221;default&#8221; id=&#8221;1775045250982-2&#8243; tab_id=&#8221;1775045250983-10&#8243; title=&#8221;Item&#8221;][vc_column_text css=&#8221;&#8221; text_direction=&#8221;default&#8221;]<a href=\"https:\/\/iorm.org.br\/boletimatitude\/iorm-oferece-imersao-danca-contemporanea-a-cia-usina-da-danca\/\" target=\"_blank\" rel=\"noopener\"><img loading=\"lazy\" decoding=\"async\" style=\"border-radius: 5px;\" src=\"https:\/\/iorm.org.br\/boletimatitude\/wp-content\/uploads\/2026\/03\/imersao-cia-da-danca-350x350.jpg\" alt=\"IORM\" width=\"350\" height=\"350\" \/><\/a><br \/>\n<span style=\"color: #000000;\"><strong><a style=\"color: #000000;\" href=\"https:\/\/iorm.org.br\/boletimatitude\/iorm-oferece-imersao-danca-contemporanea-a-cia-usina-da-danca\/\" target=\"_blank\" rel=\"noopener\">FORMA\u00c7\u00c3O FORTALECE A ARTE, O CORPO E A IDENTIDADE DA CENA: IORM oferece imers\u00e3o em dan\u00e7a contempor\u00e2nea para a Cia Usina da Dan\u00e7a<\/a><\/strong><\/span><br \/>\n<strong><span style=\"color: #9b357a; font-size: 12px;\">31\/03\/26<\/span><\/strong>[\/vc_column_text][\/item][item simple_slider_bg_image_position=&#8221;default&#8221; simple_slider_overlay_strength=&#8221;0.3&#8243; simple_slider_bg_image_loading=&#8221;default&#8221; id=&#8221;1775045235102-10&#8243; tab_id=&#8221;1775045235103-3&#8243; title=&#8221;Item&#8221;][vc_column_text css=&#8221;&#8221; text_direction=&#8221;default&#8221;]<a href=\"https:\/\/iorm.org.br\/boletimatitude\/iorm-e-secretaria-de-educacao-lancam-projeto-passo-a-frente-na-emeb-mauricio-leite-de-moraes-em-orlandia\/\" target=\"_blank\" rel=\"noopener\"><img loading=\"lazy\" decoding=\"async\" style=\"border-radius: 5px;\" src=\"https:\/\/iorm.org.br\/boletimatitude\/wp-content\/uploads\/2026\/03\/iorm-secretaria-educacao-0-350x350.jpg\" alt=\"IORM\" width=\"350\" height=\"350\" \/><\/a><br \/>\n<span style=\"color: #000000;\"><strong><a style=\"color: #000000;\" href=\"https:\/\/iorm.org.br\/boletimatitude\/iorm-e-secretaria-de-educacao-lancam-projeto-passo-a-frente-na-emeb-mauricio-leite-de-moraes-em-orlandia\/\" target=\"_blank\" rel=\"noopener\">IORM e Secretaria de Educa\u00e7\u00e3o lan\u00e7am Projeto \u201cPasso \u00e0 Frente\u201d na EMEB Maur\u00edcio Leite de Moraes em Orl\u00e2ndia<\/a><\/strong><\/span><br \/>\n<strong><span style=\"color: #9b357a; font-size: 12px;\">16\/03\/26<\/span><\/strong>[\/vc_column_text][\/item][item simple_slider_bg_image_position=&#8221;default&#8221; simple_slider_overlay_strength=&#8221;0.3&#8243; simple_slider_bg_image_loading=&#8221;default&#8221; id=&#8221;1775045235135-7&#8243; tab_id=&#8221;1775045235136-9&#8243; title=&#8221;Item&#8221;][vc_column_text css=&#8221;&#8221; text_direction=&#8221;default&#8221;]<a href=\"https:\/\/iorm.org.br\/boletimatitude\/parceria-entre-iorm-e-sicoob-coocrelivre-inspira-colaboradores-e-celebra-responsabilidade-social\/\" target=\"_blank\" rel=\"noopener\"><img loading=\"lazy\" decoding=\"async\" style=\"border-radius: 5px;\" src=\"https:\/\/iorm.org.br\/boletimatitude\/wp-content\/uploads\/2026\/02\/WhatsApp-Image-2026-02-06-at-11.15.35-350x350.jpeg\" alt=\"IORM\" width=\"350\" height=\"350\" \/><\/a><br \/>\n<span style=\"color: #000000;\"><strong><a style=\"color: #000000;\" href=\"https:\/\/iorm.org.br\/boletimatitude\/parceria-entre-iorm-e-sicoob-coocrelivre-inspira-colaboradores-e-celebra-responsabilidade-social\/\" target=\"_blank\" rel=\"noopener\">Parceria entre IORM e Sicoob Coocrelivre inspira Colaboradores e celebra Responsabilidade Social<\/a><\/strong><\/span><br \/>\n<strong><span style=\"color: #9b357a; font-size: 12px;\">06\/02\/26<\/span><\/strong>[\/vc_column_text][\/item][item simple_slider_bg_image_position=&#8221;default&#8221; simple_slider_overlay_strength=&#8221;0.3&#8243; simple_slider_bg_image_loading=&#8221;default&#8221; id=&#8221;1775045235153-2&#8243; tab_id=&#8221;1775045235153-2&#8243; title=&#8221;Item&#8221;][vc_column_text css=&#8221;&#8221; text_direction=&#8221;default&#8221;]<a href=\"https:\/\/iorm.org.br\/boletimatitude\/iorm-encerra-turne-de-onde-e-o-nosso-lugar-em-orlandia-com-emocao-e-homenagens\/\" target=\"_blank\" rel=\"noopener\"><img loading=\"lazy\" decoding=\"async\" style=\"border-radius: 5px;\" src=\"https:\/\/iorm.org.br\/boletimatitude\/wp-content\/uploads\/2025\/12\/MG_4075-copiar-350x350.jpg\" alt=\"IORM\" width=\"350\" height=\"350\" \/><\/a><br \/>\n<span style=\"color: #000000;\"><strong><a style=\"color: #000000;\" href=\"https:\/\/iorm.org.br\/boletimatitude\/iorm-encerra-turne-de-onde-e-o-nosso-lugar-em-orlandia-com-emocao-e-homenagens\/\" target=\"_blank\" rel=\"noopener\">IORM encerra Turn\u00ea de \u201cOnde \u00c9 O Nosso Lugar?\u201d em Orl\u00e2ndia com emo\u00e7\u00e3o e homenagens<\/a><\/strong><\/span><br \/>\n<strong><span style=\"color: #9b357a; font-size: 12px;\">18\/12\/25<\/span><\/strong>[\/vc_column_text][\/item][item simple_slider_bg_image_position=&#8221;default&#8221; simple_slider_overlay_strength=&#8221;0.3&#8243; simple_slider_bg_image_loading=&#8221;default&#8221; id=&#8221;1775045235167-8&#8243; tab_id=&#8221;1775045235167-1&#8243; title=&#8221;Item&#8221;][vc_column_text css=&#8221;&#8221; text_direction=&#8221;default&#8221;]<a href=\"https:\/\/iorm.org.br\/boletimatitude\/espetaculo-onde-e-o-meu-lugar-do-iorm-transborda-emocao-e-cidadania-em-duas-noites-memoraveis\/\" target=\"_blank\" rel=\"noopener\"><img loading=\"lazy\" decoding=\"async\" style=\"border-radius: 5px;\" src=\"https:\/\/iorm.org.br\/boletimatitude\/wp-content\/uploads\/2025\/12\/capa-espetaculo-guaira-350x350.jpg\" alt=\"IORM\" width=\"350\" height=\"350\" \/><\/a><br \/>\n<span style=\"color: #000000;\"><strong><a style=\"color: #000000;\" href=\"https:\/\/iorm.org.br\/boletimatitude\/espetaculo-onde-e-o-meu-lugar-do-iorm-transborda-emocao-e-cidadania-em-duas-noites-memoraveis\/\" target=\"_blank\" rel=\"noopener\">Gua\u00edra em festa: Espet\u00e1culo \u201cOnde \u00c9 O Meu Lugar?\u201d do IORM transborda emo\u00e7\u00e3o e cidadania em duas noites memor\u00e1veis<\/a><\/strong><\/span><br \/>\n<strong><span style=\"color: #9b357a; font-size: 12px;\">12\/12\/25<\/span><\/strong>[\/vc_column_text][\/item][item simple_slider_bg_image_position=&#8221;default&#8221; simple_slider_overlay_strength=&#8221;0.3&#8243; simple_slider_bg_image_loading=&#8221;default&#8221; id=&#8221;1775045235181-2&#8243; tab_id=&#8221;1775045235181-5&#8243; title=&#8221;Item&#8221;][vc_column_text css=&#8221;&#8221; text_direction=&#8221;default&#8221;]<a href=\"https:\/\/iorm.org.br\/boletimatitude\/em-miguelopolis-espetaculo-onde-e-o-nosso-lugar-traduz-afeto-em-palco-e-recebe-a-fundadora-do-iorm\/\" target=\"_blank\" rel=\"noopener\"><img loading=\"lazy\" decoding=\"async\" style=\"border-radius: 5px;\" src=\"https:\/\/iorm.org.br\/boletimatitude\/wp-content\/uploads\/2025\/12\/capa-espetaculo-miguelopolis-350x350.jpg\" alt=\"IORM\" width=\"350\" height=\"350\" \/><\/a><br \/>\n<span style=\"color: #000000;\"><strong><a style=\"color: #000000;\" href=\"https:\/\/iorm.org.br\/boletimatitude\/em-miguelopolis-espetaculo-onde-e-o-nosso-lugar-traduz-afeto-em-palco-e-recebe-a-fundadora-do-iorm\/\" target=\"_blank\" rel=\"noopener\">Em Miguel\u00f3polis, espet\u00e1culo \u201cOnde \u00c9 O Nosso Lugar?\u201d traduz afeto em palco e recebe a fundadora do IORM<\/a><\/strong><\/span><br \/>\n<strong><span style=\"color: #9b357a; font-size: 12px;\">12\/12\/25<\/span><\/strong>[\/vc_column_text][\/item][item simple_slider_bg_image_position=&#8221;default&#8221; simple_slider_overlay_strength=&#8221;0.3&#8243; simple_slider_bg_image_loading=&#8221;default&#8221; id=&#8221;1775045235197-9&#8243; tab_id=&#8221;1775045235197-10&#8243; title=&#8221;Item&#8221;][vc_column_text css=&#8221;&#8221; text_direction=&#8221;default&#8221;]<a href=\"https:\/\/iorm.org.br\/boletimatitude\/iorm-leva-onde-e-o-nosso-lugar-a-miguelopolis-e-traduz-afeto-e-escuto-em-espetaculo\/\" target=\"_blank\" rel=\"noopener\"><img loading=\"lazy\" decoding=\"async\" style=\"border-radius: 5px;\" src=\"https:\/\/iorm.org.br\/boletimatitude\/wp-content\/uploads\/2025\/11\/Cartaz-Miguelo%CC%81polis-350x350.jpg\" alt=\"IORM\" width=\"350\" height=\"350\" \/><\/a><br \/>\n<span style=\"color: #000000;\"><strong><a style=\"color: #000000;\" href=\"https:\/\/iorm.org.br\/boletimatitude\/iorm-leva-onde-e-o-nosso-lugar-a-miguelopolis-e-traduz-afeto-e-escuto-em-espetaculo\/\" target=\"_blank\" rel=\"noopener\">IORM leva \u201cOnde \u00c9 O Nosso Lugar?\u201d a Miguel\u00f3polis e traduz afeto e escuto em Espet\u00e1culo<\/a><\/strong><\/span><br \/>\n<strong><span style=\"color: #9b357a; font-size: 12px;\">25\/11\/25<\/span><\/strong>[\/vc_column_text][\/item][item simple_slider_bg_image_position=&#8221;default&#8221; simple_slider_overlay_strength=&#8221;0.3&#8243; simple_slider_bg_image_loading=&#8221;default&#8221; id=&#8221;1775045235215-7&#8243; tab_id=&#8221;1775045235216-4&#8243; title=&#8221;Item&#8221;][vc_column_text css=&#8221;&#8221; text_direction=&#8221;default&#8221;]<a href=\"https:\/\/iorm.org.br\/boletimatitude\/ipua-vibra-e-aplaude-a-turne-de-onde-e-o-nosso-lugar-espetaculo-que-transforma-afeto-em-palco\/\" target=\"_blank\" rel=\"noopener\"><img loading=\"lazy\" decoding=\"async\" style=\"border-radius: 5px;\" src=\"https:\/\/iorm.org.br\/boletimatitude\/wp-content\/uploads\/2025\/11\/ipua-espetaculo-nosso-lugar-2025-1-350x350.jpg\" alt=\"IORM\" width=\"350\" height=\"350\" \/><\/a><br \/>\n<span style=\"color: #000000;\"><strong><a style=\"color: #000000;\" href=\"https:\/\/iorm.org.br\/boletimatitude\/ipua-vibra-e-aplaude-a-turne-de-onde-e-o-nosso-lugar-espetaculo-que-transforma-afeto-em-palco\/\" target=\"_blank\" rel=\"noopener\">Ipu\u00e3 vibra e aplaude a Turn\u00ea de \u201cOnde \u00c9 o Nosso Lugar?\u201d, Espet\u00e1culo que Transforma afeto em palco<\/a><\/strong><\/span><br \/>\n<strong><span style=\"color: #9b357a; font-size: 12px;\">18\/11\/25<\/span><\/strong>[\/vc_column_text][\/item][item simple_slider_bg_image_position=&#8221;default&#8221; simple_slider_overlay_strength=&#8221;0.3&#8243; simple_slider_bg_image_loading=&#8221;default&#8221; id=&#8221;1775045235242-7&#8243; tab_id=&#8221;1775045235242-1&#8243; title=&#8221;Item&#8221;][vc_column_text css=&#8221;&#8221; text_direction=&#8221;default&#8221;]<a href=\"https:\/\/iorm.org.br\/boletimatitude\/turne-regional-espetaculo-onde-e-o-nosso-lugar-em-ipua-quinta-feira\/\" target=\"_blank\" rel=\"noopener\"><img loading=\"lazy\" decoding=\"async\" style=\"border-radius: 5px;\" src=\"https:\/\/iorm.org.br\/boletimatitude\/wp-content\/uploads\/2025\/11\/post-cartaz-espetaculo-2025-350x350.jpg\" alt=\"IORM\" width=\"350\" height=\"350\" \/><\/a><br \/>\n<span style=\"color: #000000;\"><strong><a style=\"color: #000000;\" href=\"https:\/\/iorm.org.br\/boletimatitude\/turne-regional-espetaculo-onde-e-o-nosso-lugar-em-ipua-quinta-feira\/\" target=\"_blank\" rel=\"noopener\">IORM abre turn\u00ea regional do espet\u00e1culo \u201cOnde \u00e9 O Nosso Lugar?\u201d em Ipu\u00e3, nesta quinta-feira<\/a><\/strong><\/span><br \/>\n<strong><span style=\"color: #9b357a; font-size: 12px;\">12\/11\/25<\/span><\/strong>[\/vc_column_text][\/item][item simple_slider_bg_image_position=&#8221;default&#8221; simple_slider_overlay_strength=&#8221;0.3&#8243; simple_slider_bg_image_loading=&#8221;default&#8221; id=&#8221;1775045235265-4&#8243; tab_id=&#8221;1775045235266-10&#8243; title=&#8221;Item&#8221;][vc_column_text css=&#8221;&#8221; text_direction=&#8221;default&#8221;]<a href=\"https:\/\/iorm.org.br\/boletimatitude\/usina-da-danca-apresenta-onde-e-o-nosso-lugar-turne-regional-era-aberta-em-novembro\/\" target=\"_blank\" rel=\"noopener\"><img loading=\"lazy\" decoding=\"async\" style=\"border-radius: 5px;\" src=\"https:\/\/iorm.org.br\/boletimatitude\/wp-content\/uploads\/2025\/11\/post-cartaz-espetaculo-2025-350x350.jpg\" alt=\"IORM\" width=\"350\" height=\"350\" \/><\/a><br \/>\n<span style=\"color: #000000;\"><strong><a style=\"color: #000000;\" href=\"https:\/\/iorm.org.br\/boletimatitude\/usina-da-danca-apresenta-onde-e-o-nosso-lugar-turne-regional-era-aberta-em-novembro\/\" target=\"_blank\" rel=\"noopener\">Usina da Dan\u00e7a apresenta \u201cOnde \u00c9 O Nosso Lugar\u201d: Turn\u00ea Regional ser\u00e1 aberta em novembro em Ipu\u00e3<\/a><\/strong><\/span><br \/>\n<strong><span style=\"color: #9b357a; font-size: 12px;\">04\/11\/25<\/span><\/strong>[\/vc_column_text][\/item][item simple_slider_bg_image_position=&#8221;default&#8221; simple_slider_overlay_strength=&#8221;0.3&#8243; simple_slider_bg_image_loading=&#8221;default&#8221; id=&#8221;1775045235284-7&#8243; tab_id=&#8221;1775045235284-7&#8243; title=&#8221;Item&#8221;][vc_column_text css=&#8221;&#8221; text_direction=&#8221;default&#8221;]<a href=\"https:\/\/iorm.org.br\/boletimatitude\/usina-da-danca-do-iorm-e-cisne-negro-cia-de-danca-emocionam-publico-regional\/\" target=\"_blank\" rel=\"noopener\"><img loading=\"lazy\" decoding=\"async\" style=\"border-radius: 5px;\" src=\"https:\/\/iorm.org.br\/boletimatitude\/wp-content\/uploads\/2025\/09\/iorm-cisne-negro-350x350.jpg\" alt=\"IORM\" width=\"350\" height=\"350\" \/><\/a><br \/>\n<span style=\"color: #000000;\"><strong><a style=\"color: #000000;\" href=\"https:\/\/iorm.org.br\/boletimatitude\/usina-da-danca-do-iorm-e-cisne-negro-cia-de-danca-emocionam-publico-regional\/\" target=\"_blank\" rel=\"noopener\">Usina da Dan\u00e7a do IORM e Cisne Negro Cia. de Dan\u00e7a emocionam p\u00fablico regional com arte e inclus\u00e3o<\/a><\/strong><\/span><br \/>\n<strong><span style=\"color: #9b357a; font-size: 12px;\">05\/09\/25<\/span><\/strong>[\/vc_column_text][\/item][item simple_slider_bg_image_position=&#8221;default&#8221; simple_slider_overlay_strength=&#8221;0.3&#8243; simple_slider_bg_image_loading=&#8221;default&#8221; id=&#8221;1775045235300-0&#8243; tab_id=&#8221;1775045235300-9&#8243; title=&#8221;Item&#8221;][vc_column_text css=&#8221;&#8221; text_direction=&#8221;default&#8221;]<a href=\"https:\/\/iorm.org.br\/boletimatitude\/usina-danca-cisne-negro-cia-de-danca-apresentam-espetaculo-gratuito-no-theatro-municipal-de-ribeirao-preto\/\" target=\"_blank\" rel=\"noopener\"><img loading=\"lazy\" decoding=\"async\" style=\"border-radius: 5px;\" src=\"https:\/\/iorm.org.br\/boletimatitude\/wp-content\/uploads\/2025\/08\/cartaz-cisne-350x350.png\" alt=\"IORM\" width=\"350\" height=\"350\" \/><\/a><br \/>\n<span style=\"color: #000000;\"><strong><a style=\"color: #000000;\" href=\"https:\/\/iorm.org.br\/boletimatitude\/usina-danca-cisne-negro-cia-de-danca-apresentam-espetaculo-gratuito-no-theatro-municipal-de-ribeirao-preto\/\" target=\"_blank\" rel=\"noopener\">Usina da Dan\u00e7a e Cisne Negro Cia. de Dan\u00e7a apresentam espet\u00e1culo gratuito no Theatro Municipal de Ribeir\u00e3o Preto<\/a><\/strong><\/span><br \/>\n<strong><span style=\"color: #9b357a; font-size: 12px;\">20\/08\/25<\/span><\/strong>[\/vc_column_text][\/item][item simple_slider_bg_image_position=&#8221;default&#8221; simple_slider_overlay_strength=&#8221;0.3&#8243; simple_slider_bg_image_loading=&#8221;default&#8221; id=&#8221;1775045235313-5&#8243; tab_id=&#8221;1775045235314-1&#8243; title=&#8221;Item&#8221;][vc_column_text css=&#8221;&#8221; text_direction=&#8221;default&#8221;]<a href=\"https:\/\/iorm.org.br\/boletimatitude\/cia-usina-da-danca-do-iorm-abre-1o-simposio-de-educacao-de-orlandia-com-reflexao-sobre-cultura-de-paz\/\" target=\"_blank\" rel=\"noopener\"><img loading=\"lazy\" decoding=\"async\" style=\"border-radius: 5px;\" src=\"https:\/\/iorm.org.br\/boletimatitude\/wp-content\/uploads\/2025\/07\/cia-usina-danca-simposio-1-350x350.jpg\" alt=\"IORM\" width=\"350\" height=\"350\" \/><\/a><br \/>\n<strong><span style=\"color: #000000;\"><a style=\"color: #000000;\" href=\"https:\/\/iorm.org.br\/boletimatitude\/cia-usina-da-danca-do-iorm-abre-1o-simposio-de-educacao-de-orlandia-com-reflexao-sobre-cultura-de-paz\/\" target=\"_blank\" rel=\"noopener\">Cia. Usina da Dan\u00e7a do IORM abre 1\u00ba Simp\u00f3sio de Educa\u00e7\u00e3o de Orl\u00e2ndia com reflex\u00e3o sobre cultura de Paz<\/a><\/span><\/strong><br \/>\n<strong><span style=\"color: #9b357a; font-size: 12px;\">15\/07\/25<\/span><\/strong>[\/vc_column_text][\/item][item simple_slider_bg_image_position=&#8221;default&#8221; simple_slider_overlay_strength=&#8221;0.3&#8243; simple_slider_bg_image_loading=&#8221;default&#8221; id=&#8221;1775045235330-5&#8243; tab_id=&#8221;1775045235331-5&#8243; title=&#8221;Item&#8221;][vc_column_text css=&#8221;&#8221; text_direction=&#8221;default&#8221;]<a href=\"https:\/\/iorm.org.br\/boletimatitude\/cia-usina-da-danca-lanca-glossario-de-ballet-acessivel-para-iniciantes-e-amplia-inclusao-na-danca-para-deficientes\/\" target=\"_blank\" rel=\"noopener\"><img loading=\"lazy\" decoding=\"async\" style=\"border-radius: 5px;\" src=\"https:\/\/iorm.org.br\/boletimatitude\/wp-content\/uploads\/2025\/07\/cia-usina-danca-playlist-350x350.jpg\" alt=\"IORM\" width=\"350\" height=\"350\" \/><\/a><br \/>\n<span style=\"color: #000000;\"><strong><a style=\"color: #000000;\" href=\"https:\/\/iorm.org.br\/boletimatitude\/cia-usina-da-danca-lanca-glossario-de-ballet-acessivel-para-iniciantes-e-amplia-inclusao-na-danca-para-deficientes\/\" target=\"_blank\" rel=\"noopener\">Cia. Usina da Dan\u00e7a lan\u00e7a Gloss\u00e1rio de Ballet Acess\u00edvel para iniciantes e amplia Inclus\u00e3o na Dan\u00e7a para deficientes<\/a><\/strong><\/span><br \/>\n<strong><span style=\"color: #9b357a; font-size: 12px;\">15\/07\/25<\/span><\/strong>[\/vc_column_text][\/item][item simple_slider_bg_image_position=&#8221;default&#8221; simple_slider_overlay_strength=&#8221;0.3&#8243; simple_slider_bg_image_loading=&#8221;default&#8221; id=&#8221;1775045235350-2&#8243; tab_id=&#8221;1775045235351-1&#8243; title=&#8221;Item&#8221;][vc_column_text css=&#8221;&#8221; text_direction=&#8221;default&#8221;]<a href=\"https:\/\/iorm.org.br\/boletimatitude\/cia-usina-da-danca-leva-arte-para-mais-de-130-alunos-da-rede-publica-de-ensino-em-ribeirao-preto\/\" target=\"_blank\" rel=\"noopener\"><img loading=\"lazy\" decoding=\"async\" style=\"border-radius: 5px;\" src=\"https:\/\/iorm.org.br\/boletimatitude\/wp-content\/uploads\/2025\/07\/cia-usina-danca-ribeirao-preto-0-350x350.jpg\" alt=\"IORM\" width=\"350\" height=\"350\" \/><\/a><br \/>\n<span style=\"color: #000000;\"><strong><a style=\"color: #000000;\" href=\"https:\/\/iorm.org.br\/boletimatitude\/cia-usina-da-danca-leva-arte-para-mais-de-130-alunos-da-rede-publica-de-ensino-em-ribeirao-preto\/\" target=\"_blank\" rel=\"noopener\">Cia. Usina da Dan\u00e7a leva arte para mais de 130 alunos da rede p\u00fablica de ensino em Ribeir\u00e3o Preto<\/a><\/strong><\/span><br \/>\n<strong><span style=\"color: #9b357a; font-size: 12px;\">10\/07\/25<\/span><\/strong>[\/vc_column_text][\/item][item simple_slider_bg_image_position=&#8221;default&#8221; simple_slider_overlay_strength=&#8221;0.3&#8243; simple_slider_bg_image_loading=&#8221;default&#8221; id=&#8221;1775045235369-9&#8243; tab_id=&#8221;1775045235370-5&#8243; title=&#8221;Item&#8221;][vc_column_text css=&#8221;&#8221; text_direction=&#8221;default&#8221;]<a href=\"https:\/\/iorm.org.br\/boletimatitude\/cia-usina-da-danca-do-iorm-expande-acoes-e-leva-arte-e-inclusao-a-mais-escolas-municipais-de-ribeirao-preto\/\" target=\"_blank\" rel=\"noopener\"><img loading=\"lazy\" decoding=\"async\" style=\"border-radius: 5px;\" src=\"https:\/\/iorm.org.br\/boletimatitude\/wp-content\/uploads\/2025\/06\/MG_0537-copiar-350x350.jpg\" alt=\"IORM\" width=\"350\" height=\"350\" \/><\/a><br \/>\n<span style=\"color: #000000;\"><strong><a style=\"color: #000000;\" href=\"https:\/\/iorm.org.br\/boletimatitude\/cia-usina-da-danca-do-iorm-expande-acoes-e-leva-arte-e-inclusao-a-mais-escolas-municipais-de-ribeirao-preto\/\" target=\"_blank\" rel=\"noopener\">Cia. Usina da Dan\u00e7a do IORM expande a\u00e7\u00f5es e leva arte e inclus\u00e3o a mais escolas municipais de Ribeir\u00e3o Preto<\/a><\/strong><\/span><br \/>\n<strong><span style=\"color: #9b357a; font-size: 12px;\">24\/06\/25<\/span><\/strong>[\/vc_column_text][\/item][item simple_slider_bg_image_position=&#8221;default&#8221; simple_slider_overlay_strength=&#8221;0.3&#8243; simple_slider_bg_image_loading=&#8221;default&#8221; id=&#8221;1775045235389-4&#8243; tab_id=&#8221;1775045235390-4&#8243; title=&#8221;Item&#8221;][vc_column_text css=&#8221;&#8221; text_direction=&#8221;default&#8221;]<a href=\"https:\/\/iorm.org.br\/boletimatitude\/cia-usina-da-danca-do-iorm-lanca-videoaulas-gratuitas-no-youtube\/\" target=\"_blank\" rel=\"noopener\"><img loading=\"lazy\" decoding=\"async\" style=\"border-radius: 5px;\" src=\"https:\/\/www.iorm.org.br\/wp-content\/uploads\/2025\/06\/capa-usina-danca-videos-350x350.jpg\" alt=\"IORM\" width=\"350\" height=\"350\" \/><\/a><br \/>\n<span style=\"color: #000000;\"><strong><a style=\"color: #000000;\" href=\"https:\/\/iorm.org.br\/boletimatitude\/cia-usina-da-danca-do-iorm-lanca-videoaulas-gratuitas-no-youtube\/\" target=\"_blank\" rel=\"noopener\">Cia. Usina da Dan\u00e7a do IORM lan\u00e7a Videoaulas gratuitas no YouTube<\/a><\/strong><\/span><br \/>\n<strong><span style=\"color: #9b357a; font-size: 12px;\">24\/06\/25<\/span><\/strong>[\/vc_column_text][\/item][item simple_slider_bg_image_position=&#8221;default&#8221; simple_slider_overlay_strength=&#8221;0.3&#8243; simple_slider_bg_image_loading=&#8221;default&#8221; id=&#8221;1775045235407-6&#8243; tab_id=&#8221;1775045235407-2&#8243; title=&#8221;Item&#8221;][vc_column_text css=&#8221;&#8221; text_direction=&#8221;default&#8221;]<a href=\"https:\/\/iorm.org.br\/boletimatitude\/cia-ud-leva-arte-e-inclusao-as-escolas-municipais-de-ribeirao-preto-com-workshops-culturais\/\" target=\"_blank\" rel=\"noopener\"><img loading=\"lazy\" decoding=\"async\" style=\"border-radius: 5px;\" src=\"https:\/\/iorm.org.br\/boletimatitude\/wp-content\/uploads\/2025\/06\/WhatsApp-Image-2025-06-12-at-11.00.11-1-350x350.jpeg\" alt=\"IORM\" width=\"350\" height=\"350\" \/><\/a><br \/>\n<span style=\"color: #000000;\"><strong><a style=\"color: #000000;\" href=\"https:\/\/iorm.org.br\/boletimatitude\/cia-ud-leva-arte-e-inclusao-as-escolas-municipais-de-ribeirao-preto-com-workshops-culturais\/\" target=\"_blank\" rel=\"noopener\">Escolas Municipais de Ribeir\u00e3o Preto recebem Workshop Cultural da Cia. Usina da Dan\u00e7a do IORM<\/a><\/strong><\/span><br \/>\n<strong><span style=\"color: #9b357a; font-size: 12px;\">12\/06\/25<\/span><\/strong>[\/vc_column_text][\/item][item simple_slider_bg_image_position=&#8221;default&#8221; simple_slider_overlay_strength=&#8221;0.3&#8243; simple_slider_bg_image_loading=&#8221;default&#8221; id=&#8221;1775045235426-7&#8243; tab_id=&#8221;1775045235427-8&#8243; title=&#8221;Item&#8221;][image_with_animation image_url=&#8221;203&#8243; image_size=&#8221;full&#8221; animation_type=&#8221;entrance&#8221; animation=&#8221;None&#8221; animation_movement_type=&#8221;transform_y&#8221; hover_animation=&#8221;zoom&#8221; alignment=&#8221;&#8221; border_radius=&#8221;3px&#8221; box_shadow=&#8221;none&#8221; image_loading=&#8221;default&#8221; max_width=&#8221;100%&#8221; max_width_mobile=&#8221;default&#8221; img_link=&#8221;https:\/\/iorm.org.br\/boletimatitude\/cia-usina-da-danca-capacita-interpretes-criadores-e-professores-em-parceria-com-unicamp-e-nova-musica\/&#8221;][vc_column_text]<span style=\"color: #000000;\"><strong><a style=\"color: #000000;\" href=\"https:\/\/iorm.org.br\/boletimatitude\/cia-usina-da-danca-capacita-interpretes-criadores-e-professores-em-parceria-com-unicamp-e-nova-musica\/\">Cia. Usina da Dan\u00e7a capacita Int\u00e9rpretes-Criadores e Professores em parceria com Unicamp e Nova M\u00fasica<\/a><\/strong><\/span><br \/>\n<strong><span style=\"color: #9b357a; font-size: 12px;\">30\/05\/25<\/span><\/strong>[\/vc_column_text][\/item][item simple_slider_bg_image_position=&#8221;default&#8221; simple_slider_overlay_strength=&#8221;0.3&#8243; simple_slider_bg_image_loading=&#8221;default&#8221; id=&#8221;1775045235513-0&#8243; tab_id=&#8221;1775045235514-8&#8243; title=&#8221;Item&#8221;][image_with_animation image_url=&#8221;209&#8243; image_size=&#8221;full&#8221; animation_type=&#8221;entrance&#8221; animation=&#8221;None&#8221; animation_movement_type=&#8221;transform_y&#8221; hover_animation=&#8221;zoom&#8221; alignment=&#8221;&#8221; border_radius=&#8221;3px&#8221; box_shadow=&#8221;none&#8221; image_loading=&#8221;default&#8221; max_width=&#8221;100%&#8221; max_width_mobile=&#8221;default&#8221; img_link=&#8221;https:\/\/www.iorm.org.br\/ciadadanca\/publicacoes\/nucleo-jardim-marchesi-recebe-primeira-das-seis-apresentacoes-da-cia-usina-da-danca-em-ribeirao-preto\/&#8221;][vc_column_text]<span style=\"color: #000000;\"><strong><a style=\"color: #000000;\" href=\"https:\/\/www.iorm.org.br\/ciadadanca\/publicacoes\/nucleo-jardim-marchesi-recebe-primeira-das-seis-apresentacoes-da-cia-usina-da-danca-em-ribeirao-preto\/\">N\u00facleo Jardim Marchesi recebe primeira das seis apresenta\u00e7\u00f5es da Cia. Usina da Dan\u00e7a em Ribeir\u00e3o Preto<\/a><\/strong><\/span><br \/>\n<strong><span style=\"color: #9b357a; font-size: 12px;\">31\/03\/25<\/span><\/strong>[\/vc_column_text][\/item][item simple_slider_bg_image_position=&#8221;default&#8221; simple_slider_overlay_strength=&#8221;0.3&#8243; simple_slider_bg_image_loading=&#8221;default&#8221; id=&#8221;1775045235558-6&#8243; tab_id=&#8221;1775045235558-3&#8243; title=&#8221;Item&#8221;][image_with_animation image_url=&#8221;207&#8243; image_size=&#8221;full&#8221; animation_type=&#8221;entrance&#8221; animation=&#8221;None&#8221; animation_movement_type=&#8221;transform_y&#8221; hover_animation=&#8221;zoom&#8221; alignment=&#8221;&#8221; border_radius=&#8221;3px&#8221; box_shadow=&#8221;none&#8221; image_loading=&#8221;default&#8221; max_width=&#8221;100%&#8221; max_width_mobile=&#8221;default&#8221; img_link=&#8221;https:\/\/www.iorm.org.br\/ciadadanca\/publicacoes\/travessias-do-iorm-aproxima-bailarinos-e-plateia-e-surpreende-publico-de-orlandia\/&#8221;][vc_column_text]<span style=\"color: #000000;\"><strong><a style=\"color: #000000;\" href=\"https:\/\/www.iorm.org.br\/ciadadanca\/publicacoes\/travessias-do-iorm-aproxima-bailarinos-e-plateia-e-surpreende-publico-de-orlandia\/\">Travessias do IORM aproxima bailarinos e plateia e surpreende p\u00fablico de Orl\u00e2ndia<\/a><\/strong><\/span><br \/>\n<strong><span style=\"color: #9b357a; font-size: 12px;\">09\/12\/24<\/span><\/strong>[\/vc_column_text][\/item][item simple_slider_bg_image_position=&#8221;default&#8221; simple_slider_overlay_strength=&#8221;0.3&#8243; simple_slider_bg_image_loading=&#8221;default&#8221; id=&#8221;1775045235596-5&#8243; tab_id=&#8221;1775045235596-5&#8243; title=&#8221;Item&#8221;][vc_column_text css=&#8221;&#8221; text_direction=&#8221;default&#8221;]<a href=\"https:\/\/iorm.org.br\/boletimatitude\/espetaculo-travessias-do-iorm-chega-a-guaira-esta-semana\/\" target=\"_blank\" rel=\"noopener\"><img loading=\"lazy\" decoding=\"async\" style=\"border-radius: 5px;\" src=\"https:\/\/iorm.org.br\/boletimatitude\/wp-content\/uploads\/2024\/11\/capa-post-travessias-ipua-350x350.jpg\" alt=\"IORM\" width=\"350\" height=\"350\" \/><\/a><br \/>\n<strong><span style=\"color: #000000;\"><a style=\"color: #000000;\" href=\"https:\/\/iorm.org.br\/boletimatitude\/espetaculo-travessias-do-iorm-chega-a-guaira-esta-semana\/\" target=\"_blank\" rel=\"noopener\">Espet\u00e1culo Travessias do IORM chega a Gua\u00edra nesta quinta e sexta-feira<\/a><\/span><\/strong><br \/>\n<strong><span style=\"color: #9b357a; font-size: 12px;\">09\/12\/24<\/span><\/strong>[\/vc_column_text][\/item][item simple_slider_bg_image_position=&#8221;default&#8221; simple_slider_overlay_strength=&#8221;0.3&#8243; simple_slider_bg_image_loading=&#8221;default&#8221; id=&#8221;1775045235615-10&#8243; tab_id=&#8221;1775045235616-5&#8243; title=&#8221;Item&#8221;][image_with_animation image_url=&#8221;206&#8243; image_size=&#8221;full&#8221; animation_type=&#8221;entrance&#8221; animation=&#8221;None&#8221; animation_movement_type=&#8221;transform_y&#8221; hover_animation=&#8221;zoom&#8221; alignment=&#8221;&#8221; border_radius=&#8221;3px&#8221; box_shadow=&#8221;none&#8221; image_loading=&#8221;default&#8221; max_width=&#8221;100%&#8221; max_width_mobile=&#8221;default&#8221; img_link=&#8221;https:\/\/www.iorm.org.br\/ciadadanca\/publicacoes\/orlandia-recebera-espetaculo-travessias-do-iorm-nos-dias-3-e-4-de-dezembro\/&#8221;][vc_column_text]<span style=\"color: #000000;\"><strong><a style=\"color: #000000;\" href=\"https:\/\/www.iorm.org.br\/ciadadanca\/publicacoes\/orlandia-recebera-espetaculo-travessias-do-iorm-nos-dias-3-e-4-de-dezembro\/\">Orl\u00e2ndia receber\u00e1 espet\u00e1culo Travessias do IORM nos dias 3 e 4 de dezembro<\/a><\/strong><\/span><br \/>\n<strong><span style=\"color: #9b357a; font-size: 12px;\">02\/12\/24<\/span><\/strong><br \/>\n[\/vc_column_text][\/item][item simple_slider_bg_image_position=&#8221;default&#8221; simple_slider_overlay_strength=&#8221;0.3&#8243; simple_slider_bg_image_loading=&#8221;default&#8221; id=&#8221;1775045235659-4&#8243; tab_id=&#8221;1775045235660-10&#8243; title=&#8221;Item&#8221;][image_with_animation image_url=&#8221;205&#8243; image_size=&#8221;full&#8221; animation_type=&#8221;entrance&#8221; animation=&#8221;None&#8221; animation_movement_type=&#8221;transform_y&#8221; hover_animation=&#8221;zoom&#8221; alignment=&#8221;&#8221; border_radius=&#8221;3px&#8221; box_shadow=&#8221;none&#8221; image_loading=&#8221;default&#8221; max_width=&#8221;100%&#8221; max_width_mobile=&#8221;default&#8221; img_link=&#8221;https:\/\/www.iorm.org.br\/ciadadanca\/publicacoes\/iorm-apresenta-espetaculos-travessias-em-miguelopolis-nesta-quinta-e-sexta-em-dois-horarios\/&#8221;][vc_column_text]<span style=\"color: #000000;\"><strong><a style=\"color: #000000;\" href=\"https:\/\/www.iorm.org.br\/ciadadanca\/publicacoes\/iorm-apresenta-espetaculos-travessias-em-miguelopolis-nesta-quinta-e-sexta-em-dois-horarios\/\">IORM apresenta espet\u00e1culos Travessias em Miguel\u00f3polis nesta quinta e sexta em dois hor\u00e1rios<\/a><\/strong><\/span><br \/>\n<strong><span style=\"color: #9b357a; font-size: 12px;\">28\/11\/24<\/span><\/strong>[\/vc_column_text][\/item][item simple_slider_bg_image_position=&#8221;default&#8221; simple_slider_overlay_strength=&#8221;0.3&#8243; simple_slider_bg_image_loading=&#8221;default&#8221; id=&#8221;1775045235717-5&#8243; tab_id=&#8221;1775045235717-7&#8243; title=&#8221;Item&#8221;][vc_column_text css=&#8221;&#8221; text_direction=&#8221;default&#8221;]<a href=\"https:\/\/iorm.org.br\/boletimatitude\/ipua-recebe-nesta-quinta-feira-21-de-novembro-estreia-do-espetaculo-travessias-do-iorm\/\" target=\"_blank\" rel=\"noopener\"><img loading=\"lazy\" decoding=\"async\" style=\"border-radius: 5px;\" src=\"https:\/\/iorm.org.br\/boletimatitude\/wp-content\/uploads\/2024\/11\/capa-post-travessias-ipua-350x350.jpg\" alt=\"IORM\" width=\"350\" height=\"350\" \/><\/a><br \/>\n<strong><span style=\"color: #000000;\"><a style=\"color: #000000;\" href=\"https:\/\/iorm.org.br\/boletimatitude\/ipua-recebe-nesta-quinta-feira-21-de-novembro-estreia-do-espetaculo-travessias-do-iorm\/\" target=\"_blank\" rel=\"noopener\">Ipu\u00e3 recebe nesta quinta-feira, 21 de novembro, estreia do espet\u00e1culo Travessias do IORM<\/a><\/span><\/strong><br \/>\n<strong><span style=\"color: #9b357a; font-size: 12px;\">19\/11\/24<\/span><\/strong>[\/vc_column_text][\/item][item simple_slider_bg_image_position=&#8221;default&#8221; simple_slider_overlay_strength=&#8221;0.3&#8243; simple_slider_bg_image_loading=&#8221;default&#8221; id=&#8221;1775045235740-7&#8243; tab_id=&#8221;1775045235740-5&#8243; title=&#8221;Item&#8221;][image_with_animation image_url=&#8221;210&#8243; image_size=&#8221;full&#8221; animation_type=&#8221;entrance&#8221; animation=&#8221;None&#8221; animation_movement_type=&#8221;transform_y&#8221; hover_animation=&#8221;zoom&#8221; alignment=&#8221;&#8221; border_radius=&#8221;3px&#8221; box_shadow=&#8221;none&#8221; image_loading=&#8221;default&#8221; max_width=&#8221;100%&#8221; max_width_mobile=&#8221;default&#8221; img_link=&#8221;https:\/\/www.iorm.org.br\/ciadadanca\/publicacoes\/cia-usina-da-danca-da-inicio-as-aulas-aos-bailarinos\/&#8221;][vc_column_text]<span style=\"color: #000000;\"><strong><a style=\"color: #000000;\" href=\"https:\/\/www.iorm.org.br\/ciadadanca\/publicacoes\/cia-usina-da-danca-da-inicio-as-aulas-aos-bailarinos\/\">Cia. Usina da Dan\u00e7a d\u00e1 in\u00edcio \u00e0s aulas aos bailarinos que integram sua primeira forma\u00e7\u00e3o <\/a><\/strong><\/span><br \/>\n<strong><span style=\"color: #9b357a; font-size: 12px;\">22\/10\/24<\/span><\/strong>[\/vc_column_text][\/item][item simple_slider_bg_image_position=&#8221;default&#8221; simple_slider_overlay_strength=&#8221;0.3&#8243; simple_slider_bg_image_loading=&#8221;default&#8221; id=&#8221;1775045235791-9&#8243; tab_id=&#8221;1775045235791-7&#8243; title=&#8221;Item&#8221;][image_with_animation image_url=&#8221;208&#8243; image_size=&#8221;full&#8221; animation_type=&#8221;entrance&#8221; animation=&#8221;None&#8221; animation_movement_type=&#8221;transform_y&#8221; hover_animation=&#8221;zoom&#8221; alignment=&#8221;&#8221; border_radius=&#8221;3px&#8221; box_shadow=&#8221;none&#8221; image_loading=&#8221;default&#8221; max_width=&#8221;100%&#8221; max_width_mobile=&#8221;default&#8221; img_link=&#8221;https:\/\/www.iorm.org.br\/com-os-bailarinos-selecionados-cia-usina-da-danca-ja-esta-em-atividade-em-ribeirao-preto\/&#8221;][vc_column_text]<span style=\"color: #000000;\"><strong><a style=\"color: #000000;\" href=\"https:\/\/www.iorm.org.br\/com-os-bailarinos-selecionados-cia-usina-da-danca-ja-esta-em-atividade-em-ribeirao-preto\/\">Com os bailarinos selecionados, Cia. Usina da Dan\u00e7a j\u00e1 est\u00e1 em atividade em Ribeir\u00e3o Preto<\/a><\/strong><\/span><br \/>\n<strong><span style=\"color: #9b357a; font-size: 12px;\">15\/10\/24<\/span><\/strong>[\/vc_column_text][\/item][item simple_slider_bg_image_position=&#8221;default&#8221; simple_slider_overlay_strength=&#8221;0.3&#8243; simple_slider_bg_image_loading=&#8221;default&#8221; id=&#8221;1775045235838-8&#8243; tab_id=&#8221;1775045235838-7&#8243; title=&#8221;Item&#8221;][vc_column_text css=&#8221;&#8221; text_direction=&#8221;default&#8221;]<a href=\"https:\/\/iorm.org.br\/boletimatitude\/cia-usina-da-danca-abre-inscricoes-para-contratacao-de-bailarinos-em-ribeirao-preto\/\" target=\"_blank\" rel=\"noopener\"><img loading=\"lazy\" decoding=\"async\" style=\"border-radius: 5px;\" src=\"https:\/\/iorm.org.br\/boletimatitude\/wp-content\/uploads\/2024\/09\/Ecard-2-350x350.png\" alt=\"IORM\" width=\"350\" height=\"350\" \/><\/a><br \/>\n<strong><span style=\"color: #000000;\"><a style=\"color: #000000;\" href=\"https:\/\/iorm.org.br\/boletimatitude\/cia-usina-da-danca-abre-inscricoes-para-contratacao-de-bailarinos-em-ribeirao-preto\/\" target=\"_blank\" rel=\"noopener\">Cia. Usina da Dan\u00e7a abre inscri\u00e7\u00f5es para contrata\u00e7\u00e3o de bailarinos em Ribeir\u00e3o Preto<\/a><\/span><\/strong><br \/>\n<strong><span style=\"color: #9b357a; font-size: 12px;\">10\/09\/24<\/span><\/strong>[\/vc_column_text][\/item][item simple_slider_bg_image_position=&#8221;default&#8221; simple_slider_overlay_strength=&#8221;0.3&#8243; simple_slider_bg_image_loading=&#8221;default&#8221; id=&#8221;1775045235862-3&#8243; tab_id=&#8221;1775045235862-4&#8243; title=&#8221;Item&#8221;][image_with_animation image_url=&#8221;211&#8243; image_size=&#8221;full&#8221; animation_type=&#8221;entrance&#8221; animation=&#8221;None&#8221; animation_movement_type=&#8221;transform_y&#8221; hover_animation=&#8221;zoom&#8221; alignment=&#8221;&#8221; border_radius=&#8221;3px&#8221; box_shadow=&#8221;none&#8221; image_loading=&#8221;default&#8221; max_width=&#8221;100%&#8221; max_width_mobile=&#8221;default&#8221; img_link=&#8221;https:\/\/www.iorm.org.br\/ciadadanca\/publicacoes\/cia-usina-da-danca-presente-na-abertura-do-servico-de-fortalecimento-de-vinculos-do-hc-solidario\/&#8221;][vc_column_text]<span style=\"color: #000000;\"><strong><a style=\"color: #000000;\" href=\"https:\/\/www.iorm.org.br\/cia-usina-da-danca-presente-na-abertura-do-servico-de-fortalecimento-de-vinculos-do-hc-solidario\/\">Cia. Usina da Dan\u00e7a presente na abertura do Servi\u00e7o de Fortalecimento de V\u00ednculos do HC Solid\u00e1rio <\/a><\/strong><\/span><br \/>\n<strong><span style=\"color: #9b357a; font-size: 12px;\">06\/05\/24<\/span><\/strong>[\/vc_column_text][\/item][\/carousel][\/vc_column][\/vc_row][vc_row type=&#8221;in_container&#8221; full_screen_row_position=&#8221;middle&#8221; column_margin=&#8221;default&#8221; column_direction=&#8221;default&#8221; column_direction_tablet=&#8221;default&#8221; column_direction_phone=&#8221;default&#8221; scene_position=&#8221;center&#8221; text_color=&#8221;dark&#8221; text_align=&#8221;left&#8221; row_border_radius=&#8221;none&#8221; row_border_radius_applies=&#8221;bg&#8221; overflow=&#8221;visible&#8221; overlay_strength=&#8221;0.3&#8243; gradient_direction=&#8221;left_to_right&#8221; shape_divider_position=&#8221;bottom&#8221; bg_image_animation=&#8221;none&#8221;][vc_column column_padding=&#8221;no-extra-padding&#8221; column_padding_tablet=&#8221;inherit&#8221; column_padding_phone=&#8221;inherit&#8221; column_padding_position=&#8221;all&#8221; column_element_direction_desktop=&#8221;default&#8221; column_element_spacing=&#8221;default&#8221; desktop_text_alignment=&#8221;default&#8221; tablet_text_alignment=&#8221;default&#8221; phone_text_alignment=&#8221;default&#8221; background_color_opacity=&#8221;1&#8243; background_hover_color_opacity=&#8221;1&#8243; column_backdrop_filter=&#8221;none&#8221; column_shadow=&#8221;none&#8221; column_border_radius=&#8221;none&#8221; column_link_target=&#8221;_self&#8221; column_position=&#8221;default&#8221; gradient_direction=&#8221;left_to_right&#8221; overlay_strength=&#8221;0.3&#8243; width=&#8221;1\/1&#8243; tablet_width_inherit=&#8221;default&#8221; animation_type=&#8221;default&#8221; bg_image_animation=&#8221;none&#8221; border_type=&#8221;simple&#8221; column_border_width=&#8221;none&#8221; column_border_style=&#8221;solid&#8221;][nectar_global_section id=&#8221;30&#8243;][\/vc_column][\/vc_row]\n","protected":false},"excerpt":{"rendered":"<p>[vc_row type=&#8221;in_container&#8221; full_screen_row_position=&#8221;middle&#8221; column_margin=&#8221;default&#8221; column_direction=&#8221;default&#8221; column_direction_tablet=&#8221;default&#8221; column_direction_phone=&#8221;default&#8221; scene_position=&#8221;center&#8221; top_padding=&#8221;2%&#8221; constrain_group_1=&#8221;yes&#8221; bottom_padding=&#8221;2%&#8221; text_color=&#8221;dark&#8221; text_align=&#8221;left&#8221; row_border_radius=&#8221;none&#8221; row_border_radius_applies=&#8221;bg&#8221; overflow=&#8221;visible&#8221; overlay_strength=&#8221;0.3&#8243; gradient_direction=&#8221;left_to_right&#8221; shape_divider_position=&#8221;bottom&#8221; bg_image_animation=&#8221;none&#8221; shape_type=&#8221;&#8221; gradient_type=&#8221;default&#8221;][vc_column column_padding=&#8221;no-extra-padding&#8221; column_padding_tablet=&#8221;inherit&#8221; column_padding_phone=&#8221;inherit&#8221; column_padding_position=&#8221;all&#8221; column_element_direction_desktop=&#8221;default&#8221; column_element_spacing=&#8221;default&#8221; desktop_text_alignment=&#8221;default&#8221; tablet_text_alignment=&#8221;default&#8221;&#8230;<\/p>\n","protected":false},"author":1,"featured_media":0,"parent":0,"menu_order":0,"comment_status":"closed","ping_status":"closed","template":"","meta":{"footnotes":""},"class_list":["post-25","page","type-page","status-publish"],"_links":{"self":[{"href":"https:\/\/iorm.org.br\/ciadadanca\/wp-json\/wp\/v2\/pages\/25","targetHints":{"allow":["GET"]}}],"collection":[{"href":"https:\/\/iorm.org.br\/ciadadanca\/wp-json\/wp\/v2\/pages"}],"about":[{"href":"https:\/\/iorm.org.br\/ciadadanca\/wp-json\/wp\/v2\/types\/page"}],"author":[{"embeddable":true,"href":"https:\/\/iorm.org.br\/ciadadanca\/wp-json\/wp\/v2\/users\/1"}],"replies":[{"embeddable":true,"href":"https:\/\/iorm.org.br\/ciadadanca\/wp-json\/wp\/v2\/comments?post=25"}],"version-history":[{"count":13,"href":"https:\/\/iorm.org.br\/ciadadanca\/wp-json\/wp\/v2\/pages\/25\/revisions"}],"predecessor-version":[{"id":429,"href":"https:\/\/iorm.org.br\/ciadadanca\/wp-json\/wp\/v2\/pages\/25\/revisions\/429"}],"wp:attachment":[{"href":"https:\/\/iorm.org.br\/ciadadanca\/wp-json\/wp\/v2\/media?parent=25"}],"curies":[{"name":"wp","href":"https:\/\/api.w.org\/{rel}","templated":true}]}}