{"id":13,"date":"2026-03-23T15:05:35","date_gmt":"2026-03-23T18:05:35","guid":{"rendered":"https:\/\/iorm.org.br\/ciadadanca_teste\/?page_id=13"},"modified":"2026-03-30T15:37:55","modified_gmt":"2026-03-30T18:37:55","slug":"organizacao","status":"publish","type":"page","link":"https:\/\/iorm.org.br\/ciadadanca\/organizacao\/","title":{"rendered":"Organiza\u00e7\u00e3o"},"content":{"rendered":"[vc_row type=&#8221;in_container&#8221; full_screen_row_position=&#8221;middle&#8221; column_margin=&#8221;default&#8221; column_direction=&#8221;default&#8221; column_direction_tablet=&#8221;default&#8221; column_direction_phone=&#8221;default&#8221; scene_position=&#8221;center&#8221; top_padding=&#8221;2%&#8221; text_color=&#8221;dark&#8221; text_align=&#8221;left&#8221; row_border_radius=&#8221;none&#8221; row_border_radius_applies=&#8221;bg&#8221; overflow=&#8221;visible&#8221; overlay_strength=&#8221;0.3&#8243; gradient_direction=&#8221;left_to_right&#8221; shape_divider_position=&#8221;bottom&#8221; bg_image_animation=&#8221;none&#8221; shape_type=&#8221;&#8221; gradient_type=&#8221;default&#8221;][vc_column column_padding=&#8221;no-extra-padding&#8221; column_padding_tablet=&#8221;inherit&#8221; column_padding_phone=&#8221;inherit&#8221; column_padding_position=&#8221;all&#8221; column_element_direction_desktop=&#8221;default&#8221; column_element_spacing=&#8221;default&#8221; desktop_text_alignment=&#8221;default&#8221; tablet_text_alignment=&#8221;default&#8221; phone_text_alignment=&#8221;default&#8221; background_color_opacity=&#8221;1&#8243; background_hover_color_opacity=&#8221;1&#8243; column_backdrop_filter=&#8221;none&#8221; column_shadow=&#8221;none&#8221; column_border_radius=&#8221;none&#8221; column_link_target=&#8221;_self&#8221; column_position=&#8221;default&#8221; gradient_direction=&#8221;left_to_right&#8221; overlay_strength=&#8221;0.3&#8243; width=&#8221;1\/1&#8243; tablet_width_inherit=&#8221;default&#8221; animation_type=&#8221;default&#8221; bg_image_animation=&#8221;none&#8221; border_type=&#8221;simple&#8221; column_border_width=&#8221;none&#8221; column_border_style=&#8221;solid&#8221;][vc_column_text]\n<h2><span style=\"color: #9b357a;\">Organiza\u00e7\u00e3o<\/span><\/h2>\n<p>Cia. Usina da Dan\u00e7a[\/vc_column_text][\/vc_column][\/vc_row][vc_row type=&#8221;in_container&#8221; full_screen_row_position=&#8221;middle&#8221; column_margin=&#8221;default&#8221; column_direction=&#8221;default&#8221; column_direction_tablet=&#8221;default&#8221; column_direction_phone=&#8221;default&#8221; scene_position=&#8221;center&#8221; top_padding=&#8221;3%&#8221; text_color=&#8221;dark&#8221; text_align=&#8221;left&#8221; row_border_radius=&#8221;none&#8221; row_border_radius_applies=&#8221;bg&#8221; overflow=&#8221;visible&#8221; id=&#8221;valeria&#8221; overlay_strength=&#8221;0.3&#8243; gradient_direction=&#8221;left_to_right&#8221; shape_divider_position=&#8221;bottom&#8221; bg_image_animation=&#8221;none&#8221; shape_type=&#8221;&#8221;][vc_column column_padding=&#8221;no-extra-padding&#8221; column_padding_tablet=&#8221;inherit&#8221; column_padding_phone=&#8221;inherit&#8221; column_padding_position=&#8221;all&#8221; column_element_direction_desktop=&#8221;default&#8221; column_element_spacing=&#8221;default&#8221; desktop_text_alignment=&#8221;default&#8221; tablet_text_alignment=&#8221;default&#8221; phone_text_alignment=&#8221;default&#8221; background_color_opacity=&#8221;1&#8243; background_hover_color_opacity=&#8221;1&#8243; column_backdrop_filter=&#8221;none&#8221; column_shadow=&#8221;none&#8221; column_border_radius=&#8221;none&#8221; column_link_target=&#8221;_self&#8221; column_position=&#8221;default&#8221; gradient_direction=&#8221;left_to_right&#8221; overlay_strength=&#8221;0.3&#8243; width=&#8221;1\/1&#8243; tablet_width_inherit=&#8221;default&#8221; animation_type=&#8221;default&#8221; bg_image_animation=&#8221;none&#8221; border_type=&#8221;simple&#8221; column_border_width=&#8221;none&#8221; column_border_style=&#8221;solid&#8221;][image_with_animation image_url=&#8221;47&#8243; image_size=&#8221;full&#8221; animation_type=&#8221;entrance&#8221; animation=&#8221;None&#8221; animation_movement_type=&#8221;transform_y&#8221; hover_animation=&#8221;none&#8221; alignment=&#8221;&#8221; border_radius=&#8221;none&#8221; box_shadow=&#8221;none&#8221; image_loading=&#8221;default&#8221; max_width=&#8221;100%&#8221; max_width_mobile=&#8221;default&#8221; el_class=&#8221;personciadanca&#8221;][vc_column_text]\n<h3><strong>Valeria Pasetto<\/strong><\/h3>\n<p><span style=\"color: #9b357a;\">Diretora<\/span>[\/vc_column_text][vc_column_text css=&#8221;.vc_custom_1725903525686{margin-top: 30px !important;}&#8221;]Diretora Art\u00edstica da Cia. Usina da Dan\u00e7a. \u00c9 produtora, core\u00f3grafa, professora e figurinista em escolas particulares de dan\u00e7a, projetos sociais, entidades e \u00f3rg\u00e3os p\u00fablicos.<\/p>\n<p>Tem forma\u00e7\u00e3o em Dan\u00e7a Cl\u00e1ssica pela Royal Academy Of Dance de Londres e magist\u00e9rio em dan\u00e7a pelo Studio de Dan\u00e7a Luciana Junqueira, onde atuou entre 1993 e 1998 como bailarina de corpo de baile.<br \/>\nTamb\u00e9m passou por forma\u00e7\u00e3o na Escola do Movimento Ivaldo Bertazzo.<\/p>\n<p>Val\u00e9ria \u00e9 graduada em Psicopedagogia pelo Centro Universit\u00e1rio Bar\u00e3o de Mau\u00e1 &#8211; Ribeir\u00e3o Preto, desde 2001. Tamb\u00e9m realizou o Curso de Extens\u00e3o \u201cArte e Pedagogia Contempor\u00e2nea\u201d pela UNICAMP\/EXTECAMP, conclu\u00eddo em 2022.<br \/>\nParticipou do Grupo de Aprofundamento sobre cultura do Ateli\u00ea e as Cem Linguagens de Reggio Em\u00edlia, na It\u00e1lia.<br \/>\nAtualmente, \u00e9 aluna especial do N\u00facleo de Estudos de Pol\u00edticas P\u00fablicas \u2013 NEPP \u2013 Unicamp.<\/p>\n<p>Tamb\u00e9m \u00e9 autora de diversos livros infantis, como \u201cO Ratagato\u201d, escrito em 2001, constru\u00eddo a partir de um espet\u00e1culo de dan\u00e7a transformado em literatura. Em 2020, publicou \u201cPedagogia dos Retalhos: uma experi\u00eancia pr\u00e1tica por meio da dan\u00e7a\u201d, um livro autobiogr\u00e1fico e te\u00f3rico, como um compilado de toda sua viv\u00eancia profissional.<\/p>\n<p>Val\u00e9ria foi a idealizadora do primeiro, segundo e terceiro F\u00f3rum de Dan\u00e7a Regional &#8211; Teatro Municipal de Orl\u00e2ndia &#8211; em parceria com a UNICAMP nos anos de 2013, 2014 e 2015. Al\u00e9m disso possui diversos cursos e capacita\u00e7\u00f5es que contemplam dan\u00e7a e educa\u00e7\u00e3o, acreditando na fundamentalidade desse bin\u00f4mio para a forma\u00e7\u00e3o humana.[\/vc_column_text][\/vc_column][\/vc_row][vc_row type=&#8221;in_container&#8221; full_screen_row_position=&#8221;middle&#8221; column_margin=&#8221;default&#8221; column_direction=&#8221;default&#8221; column_direction_tablet=&#8221;default&#8221; column_direction_phone=&#8221;default&#8221; scene_position=&#8221;center&#8221; top_padding=&#8221;3%&#8221; text_color=&#8221;dark&#8221; text_align=&#8221;left&#8221; row_border_radius=&#8221;none&#8221; row_border_radius_applies=&#8221;bg&#8221; overflow=&#8221;visible&#8221; id=&#8221;daniela&#8221; overlay_strength=&#8221;0.3&#8243; gradient_direction=&#8221;left_to_right&#8221; shape_divider_position=&#8221;bottom&#8221; bg_image_animation=&#8221;none&#8221; shape_type=&#8221;&#8221;][vc_column column_padding=&#8221;no-extra-padding&#8221; column_padding_tablet=&#8221;inherit&#8221; column_padding_phone=&#8221;inherit&#8221; column_padding_position=&#8221;all&#8221; column_element_direction_desktop=&#8221;default&#8221; column_element_spacing=&#8221;default&#8221; desktop_text_alignment=&#8221;default&#8221; tablet_text_alignment=&#8221;default&#8221; phone_text_alignment=&#8221;default&#8221; background_color_opacity=&#8221;1&#8243; background_hover_color_opacity=&#8221;1&#8243; column_backdrop_filter=&#8221;none&#8221; column_shadow=&#8221;none&#8221; column_border_radius=&#8221;none&#8221; column_link_target=&#8221;_self&#8221; column_position=&#8221;default&#8221; gradient_direction=&#8221;left_to_right&#8221; overlay_strength=&#8221;0.3&#8243; width=&#8221;1\/1&#8243; tablet_width_inherit=&#8221;default&#8221; animation_type=&#8221;default&#8221; bg_image_animation=&#8221;none&#8221; border_type=&#8221;simple&#8221; column_border_width=&#8221;none&#8221; column_border_style=&#8221;solid&#8221;][image_with_animation image_url=&#8221;48&#8243; image_size=&#8221;full&#8221; animation_type=&#8221;entrance&#8221; animation=&#8221;None&#8221; animation_movement_type=&#8221;transform_y&#8221; hover_animation=&#8221;none&#8221; alignment=&#8221;&#8221; border_radius=&#8221;none&#8221; box_shadow=&#8221;none&#8221; image_loading=&#8221;default&#8221; max_width=&#8221;100%&#8221; max_width_mobile=&#8221;default&#8221; el_class=&#8221;personciadanca&#8221;][vc_column_text]\n<h3><strong>Daniela Gatti<\/strong><\/h3>\n<p><span style=\"color: #9b357a;\">Supervisora<\/span>[\/vc_column_text][vc_column_text css=&#8221;.vc_custom_1725903574132{margin-top: 30px !important;}&#8221;]Artista da cena, pesquisadora e gestora na \u00e1rea da dan\u00e7a. \u00c9 professora associada (Livre Docente) do Departamento de Artes Corporais e do Programa de P\u00f3s Gradua\u00e7\u00e3o em Artes da Cena do Instituto de Artes na Unicamp. Coordena o Grupo de pesquisa (CNPQ) N\u00facleo de Dan\u00e7a REDES. envolvendo pesquisadores de diferentes \u00e1reas das artes. Colaboradora no N\u00facleo Interdisciplinar de Comunica\u00e7\u00e3o Sonora da Unicamp (NICS) com projetos de pesquisas art\u00edsticos voltados a po\u00e9ticas de intera\u00e7\u00e3o entre corpo, som e tecnologia em realidade mista. Professora colaboradora no curso de especializa\u00e7\u00e3o Lato Sensu em Arteterapia na Faculdade de Ci\u00eancias Medicas da Unicamp (2021\/2022). As \u00e1reas na doc\u00eancia e de interesse abrangem: T\u00e9cnicas em Dan\u00e7a e cria\u00e7\u00e3o; Composi\u00e7\u00e3o Coreogr\u00e1fica, improvisa\u00e7\u00e3o e processos criativos em dan\u00e7a multidisciplinares envolvendo diferentes linguagens das artes e saberes.[\/vc_column_text][\/vc_column][\/vc_row][vc_row type=&#8221;in_container&#8221; full_screen_row_position=&#8221;middle&#8221; column_margin=&#8221;default&#8221; column_direction=&#8221;default&#8221; column_direction_tablet=&#8221;default&#8221; column_direction_phone=&#8221;default&#8221; scene_position=&#8221;center&#8221; top_padding=&#8221;3%&#8221; text_color=&#8221;dark&#8221; text_align=&#8221;left&#8221; row_border_radius=&#8221;none&#8221; row_border_radius_applies=&#8221;bg&#8221; overflow=&#8221;visible&#8221; id=&#8221;josep&#8221; overlay_strength=&#8221;0.3&#8243; gradient_direction=&#8221;left_to_right&#8221; shape_divider_position=&#8221;bottom&#8221; bg_image_animation=&#8221;none&#8221; shape_type=&#8221;&#8221;][vc_column column_padding=&#8221;no-extra-padding&#8221; column_padding_tablet=&#8221;inherit&#8221; column_padding_phone=&#8221;inherit&#8221; column_padding_position=&#8221;all&#8221; column_element_direction_desktop=&#8221;default&#8221; column_element_spacing=&#8221;default&#8221; desktop_text_alignment=&#8221;default&#8221; tablet_text_alignment=&#8221;default&#8221; phone_text_alignment=&#8221;default&#8221; background_color_opacity=&#8221;1&#8243; background_hover_color_opacity=&#8221;1&#8243; column_backdrop_filter=&#8221;none&#8221; column_shadow=&#8221;none&#8221; column_border_radius=&#8221;none&#8221; column_link_target=&#8221;_self&#8221; column_position=&#8221;default&#8221; gradient_direction=&#8221;left_to_right&#8221; overlay_strength=&#8221;0.3&#8243; width=&#8221;1\/1&#8243; tablet_width_inherit=&#8221;default&#8221; animation_type=&#8221;default&#8221; bg_image_animation=&#8221;none&#8221; border_type=&#8221;simple&#8221; column_border_width=&#8221;none&#8221; column_border_style=&#8221;solid&#8221;][image_with_animation image_url=&#8221;40&#8243; image_size=&#8221;full&#8221; animation_type=&#8221;entrance&#8221; animation=&#8221;None&#8221; animation_movement_type=&#8221;transform_y&#8221; hover_animation=&#8221;none&#8221; alignment=&#8221;&#8221; border_radius=&#8221;none&#8221; box_shadow=&#8221;none&#8221; image_loading=&#8221;default&#8221; max_width=&#8221;100%&#8221; max_width_mobile=&#8221;default&#8221; el_class=&#8221;personciadanca&#8221;][vc_column_text]\n<h3>Joseph Lopes<\/h3>\n<p><span style=\"color: #9b357a;\">Professor de Ballet Consciente<\/span>[\/vc_column_text][vc_column_text css=&#8221;.vc_custom_1725903588548{margin-top: 30px !important;}&#8221;]\n<p class=\"p1\">\u00c9 desenvolvedor do m\u00e9todo sobre a Consci\u00eancia Corporal aplicada ao ballet e an\u00e1lise da cinem\u00e1tica dos movimentos, visando o aprimoramento dos estudantes e professores de ballet. Cursos realizados para aprimorar o embasamento te\u00f3rico: Corporeidade e Motricidade Humana, Anatomia do Aparelho Locomotor, Anatomia dos Sistemas, Neuroanatomia, Fisiologia Geral, Fisiologia do Sistema Regulador, Cinesiologia aplicada \u00e0 Dan\u00e7a e Biomec\u00e2nica. Formado pelo Centro de Dan\u00e7as Mavi Chiachietto e pela Royal Academy of Dance de Londres, certificado pela Escuela Nacional de Cuba, atrav\u00e9s do ballet Paula Castro.<\/p>\n[\/vc_column_text][\/vc_column][\/vc_row][vc_row type=&#8221;in_container&#8221; full_screen_row_position=&#8221;middle&#8221; column_margin=&#8221;default&#8221; column_direction=&#8221;default&#8221; column_direction_tablet=&#8221;default&#8221; column_direction_phone=&#8221;default&#8221; scene_position=&#8221;center&#8221; top_padding=&#8221;3%&#8221; bottom_padding=&#8221;4%&#8221; text_color=&#8221;dark&#8221; text_align=&#8221;left&#8221; row_border_radius=&#8221;none&#8221; row_border_radius_applies=&#8221;bg&#8221; overflow=&#8221;visible&#8221; id=&#8221;vivian&#8221; overlay_strength=&#8221;0.3&#8243; gradient_direction=&#8221;left_to_right&#8221; shape_divider_position=&#8221;bottom&#8221; bg_image_animation=&#8221;none&#8221; shape_type=&#8221;&#8221;][vc_column column_padding=&#8221;no-extra-padding&#8221; column_padding_tablet=&#8221;inherit&#8221; column_padding_phone=&#8221;inherit&#8221; column_padding_position=&#8221;all&#8221; column_element_direction_desktop=&#8221;default&#8221; column_element_spacing=&#8221;default&#8221; desktop_text_alignment=&#8221;default&#8221; tablet_text_alignment=&#8221;default&#8221; phone_text_alignment=&#8221;default&#8221; background_color_opacity=&#8221;1&#8243; background_hover_color_opacity=&#8221;1&#8243; column_backdrop_filter=&#8221;none&#8221; column_shadow=&#8221;none&#8221; column_border_radius=&#8221;none&#8221; column_link_target=&#8221;_self&#8221; column_position=&#8221;default&#8221; gradient_direction=&#8221;left_to_right&#8221; overlay_strength=&#8221;0.3&#8243; width=&#8221;1\/1&#8243; tablet_width_inherit=&#8221;default&#8221; animation_type=&#8221;default&#8221; bg_image_animation=&#8221;none&#8221; border_type=&#8221;simple&#8221; column_border_width=&#8221;none&#8221; column_border_style=&#8221;solid&#8221;][image_with_animation image_url=&#8221;45&#8243; image_size=&#8221;full&#8221; animation_type=&#8221;entrance&#8221; animation=&#8221;None&#8221; animation_movement_type=&#8221;transform_y&#8221; hover_animation=&#8221;none&#8221; alignment=&#8221;&#8221; border_radius=&#8221;none&#8221; box_shadow=&#8221;none&#8221; image_loading=&#8221;default&#8221; max_width=&#8221;100%&#8221; max_width_mobile=&#8221;default&#8221; el_class=&#8221;personciadanca&#8221;][vc_column_text]\n<h3><strong>Vivian Vinha<\/strong><\/h3>\n<p><span style=\"color: #9b357a;\">Professora de Dan\u00e7a Contempor\u00e2nea<\/span>[\/vc_column_text][vc_column_text css=&#8221;.vc_custom_1725903602252{margin-top: 30px !important;}&#8221;]Graduada em Dan\u00e7a (Bacharelado e Licenciatura) pela Universidade Estadual de Campinas \u2013 Unicamp. Trabalha a dan\u00e7a como \u00e1rea de conhecimento compondo a arte-educa\u00e7\u00e3o e acredita no potencial criativo dos alunos.<br \/>\nAtua como professora de dan\u00e7a contempor\u00e2nea no Instituto Oswaldo Ribeiro de Mendon\u00e7a desde 2013. Desenvolve aulas de dan\u00e7a contempor\u00e2nea para crian\u00e7as e adolescentes, tamb\u00e9m orienta e coreografa processos criativos em dan\u00e7a. Em 2016, teve o trabalho \u201cCorpo Cidade\u201d selecionado para circula\u00e7\u00e3o de dan\u00e7a no Mapa Cultural Paulista. Tem forma\u00e7\u00e3o Yellow Training de Segni Mossi\/It\u00e1lia, ministrada por Alessandro Lumare, e pelo\u00a0 M\u00e9todo Bertazzo de Reeduca\u00e7\u00e3o do Movimento.<\/p>\n<p>Em 2020 e 2021, foi professora no primeiro Curso T\u00e9cnico em Dan\u00e7a pela ETEC Professor Alc\u00eddio de Souza Prado \u2013 Centro Paula Souza de Orl\u00e2ndia\/SP, nas disciplinas: Dan\u00e7a Cl\u00e1ssica, Percep\u00e7\u00e3o e Contato, Dan\u00e7a Moderna, Dan\u00e7a Contempor\u00e2nea, Montagem de Espet\u00e1culo Cria\u00e7\u00e3o e Composi\u00e7\u00e3o e Ensino da Dan\u00e7a Planejamento e Execu\u00e7\u00e3o.<\/p>\n<p>Em 2024 concluiu a forma\u00e7\u00e3o Rambert Grades \u2013 Level 1 ministrada por Nicole Guarino. Foi Jurada titular no quesito Comiss\u00e3o de Frente dos grupos de Acesso I e II no Carnaval de S\u00e3o Paulo 2024.<\/p>\n<p>\u00c9 idealizadora do instagram\u00a0<a href=\"https:\/\/instagram.com\/ideiasdancantes\" target=\"_blank\" rel=\"noopener\">@ideiasdancantes<\/a>[\/vc_column_text][\/vc_column][\/vc_row][vc_row type=&#8221;in_container&#8221; full_screen_row_position=&#8221;middle&#8221; column_margin=&#8221;default&#8221; column_direction=&#8221;default&#8221; column_direction_tablet=&#8221;default&#8221; column_direction_phone=&#8221;default&#8221; scene_position=&#8221;center&#8221; text_color=&#8221;dark&#8221; text_align=&#8221;left&#8221; row_border_radius=&#8221;none&#8221; row_border_radius_applies=&#8221;bg&#8221; overflow=&#8221;visible&#8221; overlay_strength=&#8221;0.3&#8243; gradient_direction=&#8221;left_to_right&#8221; shape_divider_position=&#8221;bottom&#8221; bg_image_animation=&#8221;none&#8221;][vc_column column_padding=&#8221;no-extra-padding&#8221; column_padding_tablet=&#8221;inherit&#8221; column_padding_phone=&#8221;inherit&#8221; column_padding_position=&#8221;all&#8221; column_element_direction_desktop=&#8221;default&#8221; column_element_spacing=&#8221;default&#8221; desktop_text_alignment=&#8221;default&#8221; tablet_text_alignment=&#8221;default&#8221; phone_text_alignment=&#8221;default&#8221; background_color_opacity=&#8221;1&#8243; background_hover_color_opacity=&#8221;1&#8243; column_backdrop_filter=&#8221;none&#8221; column_shadow=&#8221;none&#8221; column_border_radius=&#8221;none&#8221; column_link_target=&#8221;_self&#8221; column_position=&#8221;default&#8221; gradient_direction=&#8221;left_to_right&#8221; overlay_strength=&#8221;0.3&#8243; width=&#8221;1\/1&#8243; tablet_width_inherit=&#8221;default&#8221; animation_type=&#8221;default&#8221; bg_image_animation=&#8221;none&#8221; border_type=&#8221;simple&#8221; column_border_width=&#8221;none&#8221; column_border_style=&#8221;solid&#8221;][nectar_global_section id=&#8221;30&#8243;][\/vc_column][\/vc_row]\n","protected":false},"excerpt":{"rendered":"<p>[vc_row type=&#8221;in_container&#8221; full_screen_row_position=&#8221;middle&#8221; column_margin=&#8221;default&#8221; column_direction=&#8221;default&#8221; column_direction_tablet=&#8221;default&#8221; column_direction_phone=&#8221;default&#8221; scene_position=&#8221;center&#8221; top_padding=&#8221;2%&#8221; text_color=&#8221;dark&#8221; text_align=&#8221;left&#8221; row_border_radius=&#8221;none&#8221; row_border_radius_applies=&#8221;bg&#8221; overflow=&#8221;visible&#8221; overlay_strength=&#8221;0.3&#8243; gradient_direction=&#8221;left_to_right&#8221; shape_divider_position=&#8221;bottom&#8221; bg_image_animation=&#8221;none&#8221; shape_type=&#8221;&#8221; gradient_type=&#8221;default&#8221;][vc_column column_padding=&#8221;no-extra-padding&#8221; column_padding_tablet=&#8221;inherit&#8221; column_padding_phone=&#8221;inherit&#8221; column_padding_position=&#8221;all&#8221; column_element_direction_desktop=&#8221;default&#8221; column_element_spacing=&#8221;default&#8221; desktop_text_alignment=&#8221;default&#8221; tablet_text_alignment=&#8221;default&#8221; phone_text_alignment=&#8221;default&#8221; background_color_opacity=&#8221;1&#8243;&#8230;<\/p>\n","protected":false},"author":1,"featured_media":0,"parent":0,"menu_order":0,"comment_status":"closed","ping_status":"closed","template":"","meta":{"footnotes":""},"class_list":["post-13","page","type-page","status-publish"],"_links":{"self":[{"href":"https:\/\/iorm.org.br\/ciadadanca\/wp-json\/wp\/v2\/pages\/13","targetHints":{"allow":["GET"]}}],"collection":[{"href":"https:\/\/iorm.org.br\/ciadadanca\/wp-json\/wp\/v2\/pages"}],"about":[{"href":"https:\/\/iorm.org.br\/ciadadanca\/wp-json\/wp\/v2\/types\/page"}],"author":[{"embeddable":true,"href":"https:\/\/iorm.org.br\/ciadadanca\/wp-json\/wp\/v2\/users\/1"}],"replies":[{"embeddable":true,"href":"https:\/\/iorm.org.br\/ciadadanca\/wp-json\/wp\/v2\/comments?post=13"}],"version-history":[{"count":5,"href":"https:\/\/iorm.org.br\/ciadadanca\/wp-json\/wp\/v2\/pages\/13\/revisions"}],"predecessor-version":[{"id":228,"href":"https:\/\/iorm.org.br\/ciadadanca\/wp-json\/wp\/v2\/pages\/13\/revisions\/228"}],"wp:attachment":[{"href":"https:\/\/iorm.org.br\/ciadadanca\/wp-json\/wp\/v2\/media?parent=13"}],"curies":[{"name":"wp","href":"https:\/\/api.w.org\/{rel}","templated":true}]}}